{"id":4770,"date":"2026-02-12T10:49:21","date_gmt":"2026-02-12T10:49:21","guid":{"rendered":"https:\/\/superiorroomsinlaspezia.com\/privacy-policy\/"},"modified":"2026-04-20T08:53:54","modified_gmt":"2026-04-20T08:53:54","slug":"privacy-policy","status":"publish","type":"page","link":"https:\/\/superiorroomsinlaspezia.com\/de\/privacy-policy\/","title":{"rendered":"Privacy Policy de"},"content":{"rendered":"\r\n<p class=\"font-claude-response-body break-words whitespace-normal leading-[1.7]\"><strong>DATENSCHUTZERKL\u00c4RUNG \u2013 VERARBEITUNG PERSONENBEZOGENER DATEN (Art. 13 DSGVO)<\/strong><\/p>\r\n<p class=\"font-claude-response-body break-words whitespace-normal leading-[1.7]\">Website: <a class=\"underline underline underline-offset-2 decoration-1 decoration-current\/40 hover:decoration-current focus:decoration-current\" href=\"http:\/\/www.affittacameregolfoecinqueterre.it\" rel=\"nofollow noopener\" target=\"_blank\">www.affittacameregolfoecinqueterre.it<\/a><\/p>\r\n<p class=\"font-claude-response-body break-words whitespace-normal leading-[1.7]\"><strong>1. Verantwortlicher f\u00fcr die Datenverarbeitung<\/strong><\/p>\r\n<p class=\"font-claude-response-body break-words whitespace-normal leading-[1.7]\">Affittacamere Golfo e Cinque Terre Piazza Saint Bon, 15 19121 La Spezia (SP) \u2013 Italien Tel. +39.333.2808002 E-Mail: <a class=\"underline underline underline-offset-2 decoration-1 decoration-current\/40 hover:decoration-current focus:decoration-current\" href=\"mailto:info.superior@affittacameregolfoecinqueterre.it\">info.superior@affittacameregolfoecinqueterre.it<\/a> USt-IdNr. 01196340119<\/p>\r\n<p class=\"font-claude-response-body break-words whitespace-normal leading-[1.7]\"><strong>2. Art der verarbeiteten Daten<\/strong><\/p>\r\n<p class=\"font-claude-response-body break-words whitespace-normal leading-[1.7]\">Navigationsdaten: Der Betrieb der Website erfordert die Erfassung bestimmter personenbezogener Daten (z. B. IP-Adressen), deren \u00dcbermittlung bei der Nutzung von Internet-Kommunikationsprotokollen unvermeidlich ist. Diese Daten werden vom Hosting-Anbieter als Auftragsverarbeiter verwaltet, um die Sicherheit und ordnungsgem\u00e4\u00dfe Funktion der Website zu gew\u00e4hrleisten. Der Verantwortliche greift nicht direkt auf diese Informationen zu und nutzt sie nicht, es sei denn, dies ist aufgrund gesetzlicher Verpflichtungen oder beh\u00f6rdlicher Anforderungen erforderlich.<\/p>\r\n<p class=\"font-claude-response-body break-words whitespace-normal leading-[1.7]\">Freiwillig bereitgestellte Daten: Name, Nachname, E-Mail-Adresse und andere \u00fcber die Kontaktdaten oder bei der Newsletter-Anmeldung \u00fcbermittelte Daten.<\/p>\r\n<p class=\"font-claude-response-body break-words whitespace-normal leading-[1.7]\">Cookies: Einzelheiten entnehmen Sie bitte der Cookie-Richtlinie.<\/p>\r\n<p class=\"font-claude-response-body break-words whitespace-normal leading-[1.7]\"><strong>3. Zwecke, Rechtsgrundlage und Speicherdauer<\/strong><\/p>\r\n<div class=\"overflow-x-auto w-full px-2 mb-6\">\r\n<table class=\"min-w-full border-collapse text-sm leading-[1.7] whitespace-normal\">\r\n<thead class=\"text-left\">\r\n<tr>\r\n<th class=\"text-text-100 border-b-0.5 border-border-300\/60 py-2 pr-4 align-top font-bold\" scope=\"col\">Zweck<\/th>\r\n<th class=\"text-text-100 border-b-0.5 border-border-300\/60 py-2 pr-4 align-top font-bold\" scope=\"col\">Rechtsgrundlage<\/th>\r\n<th class=\"text-text-100 border-b-0.5 border-border-300\/60 py-2 pr-4 align-top font-bold\" scope=\"col\">Speicherdauer<\/th>\r\n<\/tr>\r\n<\/thead>\r\n<tbody>\r\n<tr>\r\n<td class=\"border-b-0.5 border-border-300\/30 py-2 pr-4 align-top\">Beantwortung von Kontaktanfragen: Verwaltung der per E-Mail oder telefonisch \u00fcbermittelten Mitteilungen.<\/td>\r\n<td class=\"border-b-0.5 border-border-300\/30 py-2 pr-4 align-top\">Durchf\u00fchrung vorvertraglicher oder vertraglicher Ma\u00dfnahmen (Art. 6 Abs. 1 lit. b DSGVO).<\/td>\r\n<td class=\"border-b-0.5 border-border-300\/30 py-2 pr-4 align-top\">Zeitraum, der zur Beantwortung der Anfrage erforderlich ist, zuz\u00fcglich 12 Monate zu Verwaltungszwecken.<\/td>\r\n<\/tr>\r\n<tr>\r\n<td class=\"border-b-0.5 border-border-300\/30 py-2 pr-4 align-top\">Buchungen: Verwaltung der Reservierung.<\/td>\r\n<td class=\"border-b-0.5 border-border-300\/30 py-2 pr-4 align-top\">Durchf\u00fchrung vorvertraglicher oder vertraglicher Ma\u00dfnahmen (Art. 6 Abs. 1 lit. b DSGVO).<\/td>\r\n<td class=\"border-b-0.5 border-border-300\/30 py-2 pr-4 align-top\">Steuerdaten: 10 Jahre (ital. Zivilgesetzbuch Art. 2220 und Steuervorschriften). An die \u00f6ffentliche Sicherheit \u00fcbermittelte Daten (Alloggiati Web): 5 Jahre. Sonstige Buchungsdaten: 10 Jahre. Bei Stornierung der Buchung: L\u00f6schung innerhalb von 3 Monaten.<\/td>\r\n<\/tr>\r\n<tr>\r\n<td class=\"border-b-0.5 border-border-300\/30 py-2 pr-4 align-top\">Newsletter-Anmeldung: Versand von Aktualisierungen und informativen\/beruflichen Mitteilungen.<\/td>\r\n<td class=\"border-b-0.5 border-border-300\/30 py-2 pr-4 align-top\">Ausdr\u00fcckliche Einwilligung der betroffenen Person (Art. 6 Abs. 1 lit. a DSGVO).<\/td>\r\n<td class=\"border-b-0.5 border-border-300\/30 py-2 pr-4 align-top\">Bis zum Widerruf der Einwilligung (Abmeldung) durch den Nutzer.<\/td>\r\n<\/tr>\r\n<tr>\r\n<td class=\"border-b-0.5 border-border-300\/30 py-2 pr-4 align-top\">Sicherheit und Wartung: Vorbeugung von Betrug, Missbrauch oder technischen St\u00f6rungen.<\/td>\r\n<td class=\"border-b-0.5 border-border-300\/30 py-2 pr-4 align-top\">Berechtigtes Interesse des Verantwortlichen (Art. 6 Abs. 1 lit. f DSGVO).<\/td>\r\n<td class=\"border-b-0.5 border-border-300\/30 py-2 pr-4 align-top\">In der Regel 30\u201360 Tage (Systemprotokolle), es sei denn, die Daten werden zur Aufkl\u00e4rung von Straftaten ben\u00f6tigt.<\/td>\r\n<\/tr>\r\n<\/tbody>\r\n<\/table>\r\n<\/div>\r\n<p class=\"font-claude-response-body break-words whitespace-normal leading-[1.7]\"><strong>4. Art der Datenbereitstellung<\/strong><\/p>\r\n<p class=\"font-claude-response-body break-words whitespace-normal leading-[1.7]\">Die Bereitstellung der Daten f\u00fcr Kontaktzwecke ist erforderlich, um eine Antwort zu erhalten; die Bereitstellung der Daten f\u00fcr die Buchung ist erforderlich, um die Anfrage bearbeiten zu k\u00f6nnen: Eine Nichtbereitstellung macht die Bearbeitung Ihrer Anfrage unm\u00f6glich. Die Bereitstellung der Daten f\u00fcr den Newsletter ist freiwillig: Eine Verweigerung beeintr\u00e4chtigt nicht die Nutzung der Website.<\/p>\r\n<p class=\"font-claude-response-body break-words whitespace-normal leading-[1.7]\"><strong>5. Verarbeitungsmethoden und Empf\u00e4nger<\/strong><\/p>\r\n<p class=\"font-claude-response-body break-words whitespace-normal leading-[1.7]\">Die Verarbeitung erfolgt mit elektronischen und in geringem Umfang mit papiergest\u00fctzten Mitteln. Ihre Daten sind nur f\u00fcr vom Verantwortlichen autorisierte und geschulte Personen zug\u00e4nglich. Sie k\u00f6nnen weitergegeben werden an:<\/p>\r\n<ul class=\"[li_&amp;]:mb-0 [li_&amp;]:mt-1 [li_&amp;]:gap-1 [&amp;:not(:last-child)_ul]:pb-1 [&amp;:not(:last-child)_ol]:pb-1 list-disc flex flex-col gap-1 pl-8 mb-3\">\r\n<li class=\"whitespace-normal break-words pl-2\">Auftragsverarbeiter: Externe Dienstleister, die im Auftrag des Verantwortlichen t\u00e4tig sind (z. B. Hosting-Anbieter, Webagentur f\u00fcr technische Unterst\u00fctzung, Newsletter-Plattformanbieter, Anbieter der Buchungsverwaltungsplattform).<\/li>\r\n<li class=\"whitespace-normal break-words pl-2\">Eigenst\u00e4ndige Verantwortliche: Stellen, an die Daten aufgrund gesetzlicher Verpflichtungen \u00fcbermittelt werden m\u00fcssen (z. B. Kreditinstitute, Beh\u00f6rden).<\/li>\r\n<\/ul>\r\n<p class=\"font-claude-response-body break-words whitespace-normal leading-[1.7]\">Eine aktualisierte Liste der Auftragsverarbeiter kann beim Verantwortlichen angefordert werden. Die Daten werden nicht \u00f6ffentlich verbreitet.<\/p>\r\n<p class=\"font-claude-response-body break-words whitespace-normal leading-[1.7]\"><strong>6. Daten\u00fcbermittlung au\u00dferhalb der EU<\/strong><\/p>\r\n<p class=\"font-claude-response-body break-words whitespace-normal leading-[1.7]\">Der Verantwortliche \u00fcbermittelt keine personenbezogenen Daten in Drittl\u00e4nder au\u00dferhalb des Europ\u00e4ischen Wirtschaftsraums (EWR).<\/p>\r\n<p class=\"font-claude-response-body break-words whitespace-normal leading-[1.7]\"><strong>7. Rechte der betroffenen Person<\/strong><\/p>\r\n<p class=\"font-claude-response-body break-words whitespace-normal leading-[1.7]\">Gem\u00e4\u00df den Artikeln 15\u201322 der DSGVO haben Sie das Recht:<\/p>\r\n<ul class=\"[li_&amp;]:mb-0 [li_&amp;]:mt-1 [li_&amp;]:gap-1 [&amp;:not(:last-child)_ul]:pb-1 [&amp;:not(:last-child)_ol]:pb-1 list-disc flex flex-col gap-1 pl-8 mb-3\">\r\n<li class=\"whitespace-normal break-words pl-2\">Auf Auskunft \u00fcber Ihre personenbezogenen Daten sowie auf Berichtigung, Erg\u00e4nzung oder L\u00f6schung (Recht auf Vergessenwerden).<\/li>\r\n<li class=\"whitespace-normal break-words pl-2\">Auf Einschr\u00e4nkung der Verarbeitung oder Widerspruch gegen die Verarbeitung aus berechtigten Gr\u00fcnden.<\/li>\r\n<li class=\"whitespace-normal break-words pl-2\">Auf Daten\u00fcbertragbarkeit.<\/li>\r\n<li class=\"whitespace-normal break-words pl-2\">Auf jederzeitigen Widerruf der Einwilligung (ohne Beeintr\u00e4chtigung der Rechtm\u00e4\u00dfigkeit der zuvor erfolgten Verarbeitung).<\/li>\r\n<li class=\"whitespace-normal break-words pl-2\">Auf Beschwerde bei der Aufsichtsbeh\u00f6rde (<a class=\"underline underline underline-offset-2 decoration-1 decoration-current\/40 hover:decoration-current focus:decoration-current\" href=\"http:\/\/www.garanteprivacy.it\" rel=\"nofollow noopener\" target=\"_blank\">www.garanteprivacy.it<\/a>) gem\u00e4\u00df Art. 77 DSGVO.<\/li>\r\n<\/ul>\r\n<p class=\"font-claude-response-body break-words whitespace-normal leading-[1.7]\">Aus\u00fcbung der Rechte: Durch Zusendung eines Einschreibens mit R\u00fcckschein an die Adresse des Verantwortlichen oder per E-Mail an: <a class=\"underline underline underline-offset-2 decoration-1 decoration-current\/40 hover:decoration-current focus:decoration-current\" href=\"mailto:info.superior@affittacameregolfoecinqueterre.it\">info.superior@affittacameregolfoecinqueterre.it<\/a>.<\/p>\r\n","protected":false},"excerpt":{"rendered":"<p>DATENSCHUTZERKL\u00c4RUNG \u2013 VERARBEITUNG PERSONENBEZOGENER DATEN (Art. 13 DSGVO) Website: www.affittacameregolfoecinqueterre.it 1. Verantwortlicher f\u00fcr die Datenverarbeitung Affittacamere Golfo e Cinque Terre Piazza Saint Bon, 15 19121 La Spezia (SP) \u2013 Italien Tel. +39.333.2808002 E-Mail: info.superior@affittacameregolfoecinqueterre.it USt-IdNr. 01196340119 2. Art der verarbeiteten Daten Navigationsdaten: Der Betrieb der Website erfordert die Erfassung bestimmter personenbezogener Daten (z. B. IP-Adressen), [&hellip;]<\/p>\n","protected":false},"author":1,"featured_media":0,"parent":0,"menu_order":0,"comment_status":"closed","ping_status":"open","template":"","meta":{"_acf_changed":false,"_joinchat":[],"footnotes":""},"class_list":["post-4770","page","type-page","status-publish","hentry"],"acf":[],"_links":{"self":[{"href":"https:\/\/superiorroomsinlaspezia.com\/de\/wp-json\/wp\/v2\/pages\/4770","targetHints":{"allow":["GET"]}}],"collection":[{"href":"https:\/\/superiorroomsinlaspezia.com\/de\/wp-json\/wp\/v2\/pages"}],"about":[{"href":"https:\/\/superiorroomsinlaspezia.com\/de\/wp-json\/wp\/v2\/types\/page"}],"author":[{"embeddable":true,"href":"https:\/\/superiorroomsinlaspezia.com\/de\/wp-json\/wp\/v2\/users\/1"}],"replies":[{"embeddable":true,"href":"https:\/\/superiorroomsinlaspezia.com\/de\/wp-json\/wp\/v2\/comments?post=4770"}],"version-history":[{"count":1,"href":"https:\/\/superiorroomsinlaspezia.com\/de\/wp-json\/wp\/v2\/pages\/4770\/revisions"}],"predecessor-version":[{"id":4771,"href":"https:\/\/superiorroomsinlaspezia.com\/de\/wp-json\/wp\/v2\/pages\/4770\/revisions\/4771"}],"wp:attachment":[{"href":"https:\/\/superiorroomsinlaspezia.com\/de\/wp-json\/wp\/v2\/media?parent=4770"}],"curies":[{"name":"wp","href":"https:\/\/api.w.org\/{rel}","templated":true}]}}